{"id":6695,"date":"2020-02-07T17:07:58","date_gmt":"2020-02-07T16:07:58","guid":{"rendered":"http:\/\/cheminsplestinais.dcea.fr\/?page_id=6695"},"modified":"2020-06-07T15:51:46","modified_gmt":"2020-06-07T14:51:46","slug":"concours-photos","status":"publish","type":"page","link":"https:\/\/cheminsplestinais.dcea.fr\/?page_id=6695","title":{"rendered":"Concours Photos"},"content":{"rendered":"<p style=\"text-align: center;\"><strong>R\u00e8glement du concours photo<\/strong><\/p>\n<p style=\"text-align: center;\"><strong> \u00ab\u00a0<span style=\"color: #800000;\">10 ans de Chemins Plestinais<\/span>\u00bb<\/strong><\/p>\n<p><strong>\u00a0<span style=\"color: #000080;\">ATTENTION !<\/span> <span style=\"color: #000080;\">\u00c9ch\u00e9ance du concours report\u00e9e au 31 ao\u00fbt<br \/>\n<span style=\"color: #ffffff;\">&#8230;&#8230;&#8230;&#8230;&#8230;&#8230;&#8230;&#8230;&#8230;&#8230;&#8230;&#8230;&#8230;.<\/span>pour cause de COVID 19<\/span><\/strong><\/p>\n<p>&nbsp;<\/p>\n<p><span style=\"color: #003300;\"><strong>ARTICLE 1\u00a0&#8211; \u00a0ORGANISATION ET DATE DU CONCOURS<\/strong><\/span><\/p>\n<p>A l\u2019occasion du 10<sup>\u00e8me<\/sup> anniversaire de l\u2019association \u00ab\u00a0Chemins Plestinais et Patrimoine\u00a0\u00bb, l\u2019association organise un concours photo \u00ab\u00a010 ans de Chemins Plestinais\u00bb en partenariat avec le Club Photo de Plestin. Le concours se d\u00e9roulera du samedi 15 f\u00e9vrier au mercredi 15 avril 2020 inclus. <span style=\"color: #800000;\">(du 5 juin au 31 ao\u00fbt inclus)<\/span>.<\/p>\n<p><span style=\"color: #003300;\"><strong>ARTICLE 2\u00a0 &#8211; TH<\/strong><strong>\u00c8ME<\/strong><\/span><\/p>\n<p>Les chemins de randonn\u00e9e de Plestin<\/p>\n<p><span style=\"color: #003300;\"><strong>ARTICLE\u00a0 3\u00a0\u2013 PRINCIPE DU CONCOURS<\/strong><\/span><\/p>\n<p>Les concurrents pourront proposer une ou plusieurs photos prises sur les chemins de randonn\u00e9e de la commune de Plestin.<\/p>\n<p>10 \u00ab\u00a0photos-t\u00e9moins\u00a0\u00bb (format A3) sont expos\u00e9es \u00e0 la Maison du Tourisme de Plestin durant toute la dur\u00e9e du concours.<br \/>\n<em>Vous pouvez \u00e9galement les consulter en cliquant<\/em><span style=\"color: #000080;\"><em> <a href=\"https:\/\/cheminsplestinais.dcea.fr\/?page_id=6698\">sur ce lien<\/a><\/em>.<\/span><\/p>\n<p>Les photos des concurrents devront \u00eatre prises sur les m\u00eames sites que les photos expos\u00e9es, mais avoir obligatoirement une originalit\u00e9 par rapport au mod\u00e8le (angle de prise de vue, mise en sc\u00e8ne\u2026). Elles devront si possible mettre en valeur les r\u00e9alisations de l\u2019association \u00ab\u00a0Chemins Plestinais et Patrimoine\u00a0\u00bb.<\/p>\n<p>Il ne sera accept\u00e9 qu\u2019une seule photo par site.<\/p>\n<p><span style=\"color: #003300;\"><strong>ARTICLE 4\u00a0\u2013 CONDITIONS DE PARTICIPATION<\/strong><\/span><\/p>\n<p>Ce concours est gratuit et ouvert \u00e0 tous les photographes amateurs ou professionnels \u00e0 l\u2019exclusion des membres du jury.<\/p>\n<p>Les participants au concours doivent avoir l\u2019autorisation des personnes identifiables sur les photos. Une seule participation par personne\/collectivit\u00e9 est accept\u00e9e (m\u00eame nom, m\u00eame adresse).<\/p>\n<p>Les photos pourront \u00eatre en couleur ou en noir et blanc.<\/p>\n<p>Les photos auront la plus haute r\u00e9solution possible en fonction de l\u2019appareil utilis\u00e9.<\/p>\n<p>Les photos devront \u00eatre envoy\u00e9es au format num\u00e9rique \u00ab\u00a0JPG\u00a0\u00bb, en pi\u00e8ce jointe d\u2019un courriel adress\u00e9 \u00e0 <a href=\"mailto:dominique.lenoel@free.fr\">dominique.lenoel@free.fr<\/a>, ou sur cl\u00e9 USB remise \u00e0 Marie-France Irien, Maison du Tourisme, place du 19 mars 1962 \u00e0 Plestin, <span style=\"color: #800000;\"><u>au plus tard le lundi 31 ao\u00fbt 2020<\/u><\/span>.<br \/>\nLe nom du fichier photo devra \u00eatre sous la forme\u00a0: \u00ab\u00a0N\u00b0 de la photo t\u00e9moin-nom-pr\u00e9nom.jpg\u00a0\u00bb Ex\u00a0: 7-Dupont-Alain.jpg<\/p>\n<p>Le sujet\/objet du courriel sera\u00a0: \u00ab\u00a0Concours-photo\u00a0\u00bb.<\/p>\n<p>Le corps du courriel comprendra\u00a0:<\/p>\n<ul>\n<li>Le num\u00e9ro de la photo-t\u00e9moin et \u00e9ventuellement le lieu de la prise de vue.<\/li>\n<li>Eventuellement un bref commentaire<\/li>\n<li>L\u2019adresse postale et le num\u00e9ro de t\u00e9l\u00e9phone du participant.<\/li>\n<\/ul>\n<p>Les images ne respectant pas l\u2019ensemble de ces crit\u00e8res seront \u00e9limin\u00e9es.<\/p>\n<p><span style=\"color: #003300;\"><strong>ARTICLE 5\u00a0\u2013 CRIT<\/strong><\/span><strong><span style=\"color: #003300;\">\u00c8RES DE S\u00c9LECTION<\/span> <\/strong><\/p>\n<p>Les photographies seront \u00e9valu\u00e9es sur leur valeur technique\/artistique\/esth\u00e9tique par le jury.<\/p>\n<p><span style=\"color: #003300;\"><strong>ARTICLE 6\u00a0\u2013 PRIX<\/strong><\/span><\/p>\n<p>Un lot sera attribu\u00e9 par site (bons d\u2019achats, paniers garnis, box \u2026)<\/p>\n<p>Les lots seront remis lors de la f\u00eate des \u00ab\u00a010 ans de Chemins Plestinais\u00a0\u00bb <span style=\"color: #800000;\">dont la date sera fix\u00e9e ult\u00e9rieurement (septembre ou octobre 2020)<\/span>) dans le parc An Dour Meur \u00e0 Plestin-les-Gr\u00e8ves, ou \u00e0 d\u00e9faut \u00e0 la Maison du Tourisme jusqu\u2019au 15 <span style=\"color: #800000;\">octobre<\/span> au plus tard.<\/p>\n<p>Les lots gagn\u00e9s ne pourront en aucun cas \u00eatre \u00e9chang\u00e9s contre de l\u2019argent ou un autre lot.<\/p>\n<p><span style=\"color: #003300;\"><strong>ARTICLE 7\u00a0\u2013 EXPOSITION DES \u0152UVRES<\/strong><\/span><\/p>\n<p>Tout ou partie des photographies seront expos\u00e9es, sans pr\u00e9avis aupr\u00e8s du concurrent, lors de la journ\u00e9e de remise des prix et\/ou \u00e0 diff\u00e9rents points de plestin-les-Gr\u00e8ves.<\/p>\n<p>Les photos re\u00e7ues deviendront la propri\u00e9t\u00e9 de l\u2019association organisatrice du concours et elle s\u2019octroiera le droit d\u2019utilisation des photos sur ses diff\u00e9rents supports de communication (site internet\/blog, exposition, brochures et plans).<\/p>\n<p>Le jury choisira une ou plusieurs photos dont l\u2019agrandissement sera expos\u00e9 de mani\u00e8re permanente ou temporaire dans le parc An Dour Meur ou dans tout autre point de la commune.<\/p>\n<p><span style=\"color: #003300;\"><strong>ARTICLE 8 \u2013 ANNONCE DES R<\/strong><strong>\u00c9SULTATS<\/strong><\/span><\/p>\n<p>Les gagnants seront inform\u00e9s par courriel et les r\u00e9sultats seront d\u00e9voil\u00e9s sur le blog de l\u2019association\u00a0: <a href=\"mailto:cheminsplestinais.dcea.fr\">cheminsplestinais.dcea.fr<\/a>.<\/p>\n<p><span style=\"color: #003300;\"><strong>ARTICLE 9 \u2013 RESPONSABILIT<\/strong><strong>\u00c9S<\/strong><\/span><\/p>\n<p>Les organisateurs ne pourront \u00eatre tenus responsables de tout probl\u00e8me li\u00e9 au d\u00e9roulement du concours.<\/p>\n<p><span style=\"color: #003300;\"><strong>ARTICLE 10 \u2013 OBLIGATIONS<\/strong><\/span><\/p>\n<p>La participation \u00e0 ce concours implique l\u2019acceptation du pr\u00e9sent r\u00e8glement par les concurrents. Toute contestation du pr\u00e9sent r\u00e8glement sera \u00e9tudi\u00e9e par les organisateurs dans l\u2019esprit qui a pr\u00e9valu \u00e0 la conception du concours.<\/p>\n<p>&nbsp;<\/p>\n<p>&nbsp;<\/p>\n","protected":false},"excerpt":{"rendered":"<p>R\u00e8glement du concours photo \u00ab\u00a010 ans de Chemins Plestinais\u00bb \u00a0ATTENTION ! \u00c9ch\u00e9ance du concours report\u00e9e au 31 ao\u00fbt &#8230;&#8230;&#8230;&#8230;&#8230;&#8230;&#8230;&#8230;&#8230;&#8230;&#8230;&#8230;&#8230;.pour cause de COVID 19 &nbsp; ARTICLE 1\u00a0&#8211; \u00a0ORGANISATION ET DATE DU CONCOURS A l\u2019occasion du 10\u00e8me anniversaire de l\u2019association \u00ab\u00a0Chemins Plestinais et Patrimoine\u00a0\u00bb, l\u2019association organise un concours photo \u00ab\u00a010 ans de Chemins Plestinais\u00bb en partenariat avec [&hellip;]<\/p>\n","protected":false},"author":1,"featured_media":0,"parent":0,"menu_order":0,"comment_status":"closed","ping_status":"closed","template":"","meta":{"footnotes":""},"_links":{"self":[{"href":"https:\/\/cheminsplestinais.dcea.fr\/index.php?rest_route=\/wp\/v2\/pages\/6695"}],"collection":[{"href":"https:\/\/cheminsplestinais.dcea.fr\/index.php?rest_route=\/wp\/v2\/pages"}],"about":[{"href":"https:\/\/cheminsplestinais.dcea.fr\/index.php?rest_route=\/wp\/v2\/types\/page"}],"author":[{"embeddable":true,"href":"https:\/\/cheminsplestinais.dcea.fr\/index.php?rest_route=\/wp\/v2\/users\/1"}],"replies":[{"embeddable":true,"href":"https:\/\/cheminsplestinais.dcea.fr\/index.php?rest_route=%2Fwp%2Fv2%2Fcomments&post=6695"}],"version-history":[{"count":4,"href":"https:\/\/cheminsplestinais.dcea.fr\/index.php?rest_route=\/wp\/v2\/pages\/6695\/revisions"}],"predecessor-version":[{"id":6976,"href":"https:\/\/cheminsplestinais.dcea.fr\/index.php?rest_route=\/wp\/v2\/pages\/6695\/revisions\/6976"}],"wp:attachment":[{"href":"https:\/\/cheminsplestinais.dcea.fr\/index.php?rest_route=%2Fwp%2Fv2%2Fmedia&parent=6695"}],"curies":[{"name":"wp","href":"https:\/\/api.w.org\/{rel}","templated":true}]}}