{"id":6698,"date":"2020-02-07T17:32:40","date_gmt":"2020-02-07T16:32:40","guid":{"rendered":"http:\/\/cheminsplestinais.dcea.fr\/?page_id=6698"},"modified":"2020-02-25T10:58:37","modified_gmt":"2020-02-25T09:58:37","slug":"photos-temoins-du-concours-10-ans-de-chemins-plestinais","status":"publish","type":"page","link":"https:\/\/cheminsplestinais.dcea.fr\/?page_id=6698","title":{"rendered":"Photos-t\u00e9moins du concours \u00ab\u00a010 ans de Chemins Plestinais\u00a0\u00bb"},"content":{"rendered":"<p>Voici les 10 \u00ab\u00a0Photos-t\u00e9moins\u00a0\u00bb du concours<\/p>\n<p>Chacune est rep\u00e9r\u00e9e par un num\u00e9ro et un lieu.<\/p>\n<p><strong>N.B.<\/strong> :<\/p>\n<ul>\n<li>La photo 9 doit \u00eatre prise un lundi matin sur un chantier des Chemins Plestinais .<br \/>\nPour savoir o\u00f9 nous trouver cliquer sur <a href=\"https:\/\/cheminsplestinais.dcea.fr\/?page_id=6247\">ce lien <\/a>(d\u00e8s le samedi).<\/li>\n<li>La photo 10\u00a0 \u00ab\u00a0coup de c\u0153ur\u00a0\u00bb peut \u00eatre prise sur n&rsquo;importe lequel de nos sentiers p\u00e9destres<\/li>\n<\/ul>\n<p style=\"text-align: center;\"><em>cliquer sur une photo pour l&rsquo;agrandir<\/em><\/p>\n<div id='gallery-1' class='gallery galleryid-6698 gallery-columns-3 gallery-size-large'><figure class='gallery-item'>\n\t\t\t<div class='gallery-icon landscape'>\n\t\t\t\t<a href='https:\/\/cheminsplestinais.dcea.fr\/?attachment_id=6707'><img loading=\"lazy\" decoding=\"async\" width=\"474\" height=\"316\" src=\"https:\/\/cheminsplestinais.dcea.fr\/wp-content\/uploads\/2020\/02\/1-Sainte-Anne.jpg\" class=\"attachment-large size-large\" alt=\"\" aria-describedby=\"gallery-1-6707\" srcset=\"https:\/\/cheminsplestinais.dcea.fr\/wp-content\/uploads\/2020\/02\/1-Sainte-Anne.jpg 900w, https:\/\/cheminsplestinais.dcea.fr\/wp-content\/uploads\/2020\/02\/1-Sainte-Anne-300x200.jpg 300w, https:\/\/cheminsplestinais.dcea.fr\/wp-content\/uploads\/2020\/02\/1-Sainte-Anne-768x512.jpg 768w\" sizes=\"(max-width: 474px) 100vw, 474px\" \/><\/a>\n\t\t\t<\/div>\n\t\t\t\t<figcaption class='wp-caption-text gallery-caption' id='gallery-1-6707'>\n\t\t\t\t1-Sainte Anne (Porjou)\n\t\t\t\t<\/figcaption><\/figure><figure class='gallery-item'>\n\t\t\t<div class='gallery-icon portrait'>\n\t\t\t\t<a href='https:\/\/cheminsplestinais.dcea.fr\/?attachment_id=6708'><img loading=\"lazy\" decoding=\"async\" width=\"400\" height=\"600\" src=\"https:\/\/cheminsplestinais.dcea.fr\/wp-content\/uploads\/2020\/02\/2-St-Roch.jpg\" class=\"attachment-large size-large\" alt=\"\" aria-describedby=\"gallery-1-6708\" srcset=\"https:\/\/cheminsplestinais.dcea.fr\/wp-content\/uploads\/2020\/02\/2-St-Roch.jpg 400w, https:\/\/cheminsplestinais.dcea.fr\/wp-content\/uploads\/2020\/02\/2-St-Roch-200x300.jpg 200w\" sizes=\"(max-width: 400px) 100vw, 400px\" \/><\/a>\n\t\t\t<\/div>\n\t\t\t\t<figcaption class='wp-caption-text gallery-caption' id='gallery-1-6708'>\n\t\t\t\t2- Saint Roch (St Gestin)\n\t\t\t\t<\/figcaption><\/figure><figure class='gallery-item'>\n\t\t\t<div class='gallery-icon landscape'>\n\t\t\t\t<a href='https:\/\/cheminsplestinais.dcea.fr\/?attachment_id=6720'><img loading=\"lazy\" decoding=\"async\" width=\"474\" height=\"316\" src=\"https:\/\/cheminsplestinais.dcea.fr\/wp-content\/uploads\/2020\/02\/3-St-Jagut-1.jpg\" class=\"attachment-large size-large\" alt=\"\" aria-describedby=\"gallery-1-6720\" srcset=\"https:\/\/cheminsplestinais.dcea.fr\/wp-content\/uploads\/2020\/02\/3-St-Jagut-1.jpg 800w, https:\/\/cheminsplestinais.dcea.fr\/wp-content\/uploads\/2020\/02\/3-St-Jagut-1-300x200.jpg 300w, https:\/\/cheminsplestinais.dcea.fr\/wp-content\/uploads\/2020\/02\/3-St-Jagut-1-768x512.jpg 768w\" sizes=\"(max-width: 474px) 100vw, 474px\" \/><\/a>\n\t\t\t<\/div>\n\t\t\t\t<figcaption class='wp-caption-text gallery-caption' id='gallery-1-6720'>\n\t\t\t\t3-Saint Jagut (Coat ar Bescond)\n\t\t\t\t<\/figcaption><\/figure><figure class='gallery-item'>\n\t\t\t<div class='gallery-icon landscape'>\n\t\t\t\t<a href='https:\/\/cheminsplestinais.dcea.fr\/?attachment_id=6728'><img loading=\"lazy\" decoding=\"async\" width=\"474\" height=\"314\" src=\"https:\/\/cheminsplestinais.dcea.fr\/wp-content\/uploads\/2020\/02\/4a-St-Sebastien.jpg\" class=\"attachment-large size-large\" alt=\"\" aria-describedby=\"gallery-1-6728\" srcset=\"https:\/\/cheminsplestinais.dcea.fr\/wp-content\/uploads\/2020\/02\/4a-St-Sebastien.jpg 906w, https:\/\/cheminsplestinais.dcea.fr\/wp-content\/uploads\/2020\/02\/4a-St-Sebastien-300x199.jpg 300w, https:\/\/cheminsplestinais.dcea.fr\/wp-content\/uploads\/2020\/02\/4a-St-Sebastien-768x509.jpg 768w\" sizes=\"(max-width: 474px) 100vw, 474px\" \/><\/a>\n\t\t\t<\/div>\n\t\t\t\t<figcaption class='wp-caption-text gallery-caption' id='gallery-1-6728'>\n\t\t\t\t4- Saint S\u00e9bastien (Collogot)\n\t\t\t\t<\/figcaption><\/figure><figure class='gallery-item'>\n\t\t\t<div class='gallery-icon landscape'>\n\t\t\t\t<a href='https:\/\/cheminsplestinais.dcea.fr\/?attachment_id=6725'><img loading=\"lazy\" decoding=\"async\" width=\"474\" height=\"356\" src=\"https:\/\/cheminsplestinais.dcea.fr\/wp-content\/uploads\/2020\/02\/P1020176-c-r-1024x768.jpg\" class=\"attachment-large size-large\" alt=\"\" aria-describedby=\"gallery-1-6725\" srcset=\"https:\/\/cheminsplestinais.dcea.fr\/wp-content\/uploads\/2020\/02\/P1020176-c-r-1024x768.jpg 1024w, https:\/\/cheminsplestinais.dcea.fr\/wp-content\/uploads\/2020\/02\/P1020176-c-r-300x225.jpg 300w, https:\/\/cheminsplestinais.dcea.fr\/wp-content\/uploads\/2020\/02\/P1020176-c-r-768x576.jpg 768w, https:\/\/cheminsplestinais.dcea.fr\/wp-content\/uploads\/2020\/02\/P1020176-c-r.jpg 2000w\" sizes=\"(max-width: 474px) 100vw, 474px\" \/><\/a>\n\t\t\t<\/div>\n\t\t\t\t<figcaption class='wp-caption-text gallery-caption' id='gallery-1-6725'>\n\t\t\t\t5- Saint Efflam (Kerbrezilic)\n\t\t\t\t<\/figcaption><\/figure><figure class='gallery-item'>\n\t\t\t<div class='gallery-icon landscape'>\n\t\t\t\t<a href='https:\/\/cheminsplestinais.dcea.fr\/?attachment_id=6713'><img loading=\"lazy\" decoding=\"async\" width=\"474\" height=\"314\" src=\"https:\/\/cheminsplestinais.dcea.fr\/wp-content\/uploads\/2020\/02\/6-St-Haran.jpg\" class=\"attachment-large size-large\" alt=\"\" aria-describedby=\"gallery-1-6713\" srcset=\"https:\/\/cheminsplestinais.dcea.fr\/wp-content\/uploads\/2020\/02\/6-St-Haran.jpg 906w, https:\/\/cheminsplestinais.dcea.fr\/wp-content\/uploads\/2020\/02\/6-St-Haran-300x199.jpg 300w, https:\/\/cheminsplestinais.dcea.fr\/wp-content\/uploads\/2020\/02\/6-St-Haran-768x509.jpg 768w\" sizes=\"(max-width: 474px) 100vw, 474px\" \/><\/a>\n\t\t\t<\/div>\n\t\t\t\t<figcaption class='wp-caption-text gallery-caption' id='gallery-1-6713'>\n\t\t\t\t6- Saint Haran\n\t\t\t\t<\/figcaption><\/figure><figure class='gallery-item'>\n\t\t\t<div class='gallery-icon landscape'>\n\t\t\t\t<a href='https:\/\/cheminsplestinais.dcea.fr\/?attachment_id=6714'><img loading=\"lazy\" decoding=\"async\" width=\"474\" height=\"264\" src=\"https:\/\/cheminsplestinais.dcea.fr\/wp-content\/uploads\/2020\/02\/7-Ste-Barbe-1024x570.jpg\" class=\"attachment-large size-large\" alt=\"\" aria-describedby=\"gallery-1-6714\" srcset=\"https:\/\/cheminsplestinais.dcea.fr\/wp-content\/uploads\/2020\/02\/7-Ste-Barbe-1024x570.jpg 1024w, https:\/\/cheminsplestinais.dcea.fr\/wp-content\/uploads\/2020\/02\/7-Ste-Barbe-300x167.jpg 300w, https:\/\/cheminsplestinais.dcea.fr\/wp-content\/uploads\/2020\/02\/7-Ste-Barbe-768x427.jpg 768w, https:\/\/cheminsplestinais.dcea.fr\/wp-content\/uploads\/2020\/02\/7-Ste-Barbe-1038x576.jpg 1038w, https:\/\/cheminsplestinais.dcea.fr\/wp-content\/uploads\/2020\/02\/7-Ste-Barbe.jpg 1078w\" sizes=\"(max-width: 474px) 100vw, 474px\" \/><\/a>\n\t\t\t<\/div>\n\t\t\t\t<figcaption class='wp-caption-text gallery-caption' id='gallery-1-6714'>\n\t\t\t\t7- Sainte Barbe (Entre Porz Mellec et la plage des Cur\u00e9s)\n\t\t\t\t<\/figcaption><\/figure><figure class='gallery-item'>\n\t\t\t<div class='gallery-icon landscape'>\n\t\t\t\t<a href='https:\/\/cheminsplestinais.dcea.fr\/?attachment_id=6715'><img loading=\"lazy\" decoding=\"async\" width=\"474\" height=\"314\" src=\"https:\/\/cheminsplestinais.dcea.fr\/wp-content\/uploads\/2020\/02\/8-An-Dour-Meur.jpg\" class=\"attachment-large size-large\" alt=\"\" aria-describedby=\"gallery-1-6715\" srcset=\"https:\/\/cheminsplestinais.dcea.fr\/wp-content\/uploads\/2020\/02\/8-An-Dour-Meur.jpg 906w, https:\/\/cheminsplestinais.dcea.fr\/wp-content\/uploads\/2020\/02\/8-An-Dour-Meur-300x199.jpg 300w, https:\/\/cheminsplestinais.dcea.fr\/wp-content\/uploads\/2020\/02\/8-An-Dour-Meur-768x509.jpg 768w\" sizes=\"(max-width: 474px) 100vw, 474px\" \/><\/a>\n\t\t\t<\/div>\n\t\t\t\t<figcaption class='wp-caption-text gallery-caption' id='gallery-1-6715'>\n\t\t\t\t8- An Dour Meur\n\t\t\t\t<\/figcaption><\/figure><figure class='gallery-item'>\n\t\t\t<div class='gallery-icon landscape'>\n\t\t\t\t<a href='https:\/\/cheminsplestinais.dcea.fr\/?attachment_id=6730'><img loading=\"lazy\" decoding=\"async\" width=\"474\" height=\"316\" src=\"https:\/\/cheminsplestinais.dcea.fr\/wp-content\/uploads\/2020\/02\/IMG_3915_DxO-1024x683.jpg\" class=\"attachment-large size-large\" alt=\"\" aria-describedby=\"gallery-1-6730\" srcset=\"https:\/\/cheminsplestinais.dcea.fr\/wp-content\/uploads\/2020\/02\/IMG_3915_DxO-1024x683.jpg 1024w, https:\/\/cheminsplestinais.dcea.fr\/wp-content\/uploads\/2020\/02\/IMG_3915_DxO-300x200.jpg 300w, https:\/\/cheminsplestinais.dcea.fr\/wp-content\/uploads\/2020\/02\/IMG_3915_DxO-768x512.jpg 768w, https:\/\/cheminsplestinais.dcea.fr\/wp-content\/uploads\/2020\/02\/IMG_3915_DxO.jpg 1417w\" sizes=\"(max-width: 474px) 100vw, 474px\" \/><\/a>\n\t\t\t<\/div>\n\t\t\t\t<figcaption class='wp-caption-text gallery-caption' id='gallery-1-6730'>\n\t\t\t\t9- Chantier\n\t\t\t\t<\/figcaption><\/figure><figure class='gallery-item'>\n\t\t\t<div class='gallery-icon portrait'>\n\t\t\t\t<a href='https:\/\/cheminsplestinais.dcea.fr\/?attachment_id=6716'><img loading=\"lazy\" decoding=\"async\" width=\"474\" height=\"616\" src=\"https:\/\/cheminsplestinais.dcea.fr\/wp-content\/uploads\/2020\/02\/9-Coup-de-coeur.jpg\" class=\"attachment-large size-large\" alt=\"\" aria-describedby=\"gallery-1-6716\" srcset=\"https:\/\/cheminsplestinais.dcea.fr\/wp-content\/uploads\/2020\/02\/9-Coup-de-coeur.jpg 616w, https:\/\/cheminsplestinais.dcea.fr\/wp-content\/uploads\/2020\/02\/9-Coup-de-coeur-231x300.jpg 231w\" sizes=\"(max-width: 474px) 100vw, 474px\" \/><\/a>\n\t\t\t<\/div>\n\t\t\t\t<figcaption class='wp-caption-text gallery-caption' id='gallery-1-6716'>\n\t\t\t\t10- Coup de coeur\n\t\t\t\t<\/figcaption><\/figure>\n\t\t<\/div>\n\n","protected":false},"excerpt":{"rendered":"<p>Voici les 10 \u00ab\u00a0Photos-t\u00e9moins\u00a0\u00bb du concours Chacune est rep\u00e9r\u00e9e par un num\u00e9ro et un lieu. N.B. : La photo 9 doit \u00eatre prise un lundi matin sur un chantier des Chemins Plestinais . Pour savoir o\u00f9 nous trouver cliquer sur ce lien (d\u00e8s le samedi). La photo 10\u00a0 \u00ab\u00a0coup de c\u0153ur\u00a0\u00bb peut \u00eatre prise sur [&hellip;]<\/p>\n","protected":false},"author":1,"featured_media":0,"parent":0,"menu_order":0,"comment_status":"closed","ping_status":"closed","template":"","meta":{"footnotes":""},"_links":{"self":[{"href":"https:\/\/cheminsplestinais.dcea.fr\/index.php?rest_route=\/wp\/v2\/pages\/6698"}],"collection":[{"href":"https:\/\/cheminsplestinais.dcea.fr\/index.php?rest_route=\/wp\/v2\/pages"}],"about":[{"href":"https:\/\/cheminsplestinais.dcea.fr\/index.php?rest_route=\/wp\/v2\/types\/page"}],"author":[{"embeddable":true,"href":"https:\/\/cheminsplestinais.dcea.fr\/index.php?rest_route=\/wp\/v2\/users\/1"}],"replies":[{"embeddable":true,"href":"https:\/\/cheminsplestinais.dcea.fr\/index.php?rest_route=%2Fwp%2Fv2%2Fcomments&post=6698"}],"version-history":[{"count":14,"href":"https:\/\/cheminsplestinais.dcea.fr\/index.php?rest_route=\/wp\/v2\/pages\/6698\/revisions"}],"predecessor-version":[{"id":6703,"href":"https:\/\/cheminsplestinais.dcea.fr\/index.php?rest_route=\/wp\/v2\/pages\/6698\/revisions\/6703"}],"wp:attachment":[{"href":"https:\/\/cheminsplestinais.dcea.fr\/index.php?rest_route=%2Fwp%2Fv2%2Fmedia&parent=6698"}],"curies":[{"name":"wp","href":"https:\/\/api.w.org\/{rel}","templated":true}]}}