{"id":9795,"date":"2023-05-04T18:16:14","date_gmt":"2023-05-04T17:16:14","guid":{"rendered":"http:\/\/cheminsplestinais.dcea.fr\/?page_id=9795"},"modified":"2026-02-17T19:17:27","modified_gmt":"2026-02-17T18:17:27","slug":"a-pied-autour-de-plestin-2","status":"publish","type":"page","link":"https:\/\/cheminsplestinais.dcea.fr\/?page_id=9795","title":{"rendered":"A pied autour de Plestin"},"content":{"rendered":"\n<p class=\"has-text-align-center\"><strong>Ensemble des circuits de randonn\u00e9es de la commune <\/strong><br><strong>de Plestin-les-Gr\u00e8ves &nbsp;<\/strong><\/p>\n\n\n<div class=\"wp-block-image\">\n<figure class=\"aligncenter size-large\"><a href=\"https:\/\/drive.google.com\/file\/d\/1crLD8VJIEAQYPMnBfR3ObZdPIu6L58Mu\/view?usp=sharing\"><img loading=\"lazy\" decoding=\"async\" width=\"724\" height=\"1024\" src=\"https:\/\/cheminsplestinais.dcea.fr\/wp-content\/uploads\/2026\/01\/Carte-generale_janvier-2025_web_page-0001-724x1024.jpg\" alt=\"\" class=\"wp-image-11509\" srcset=\"https:\/\/cheminsplestinais.dcea.fr\/wp-content\/uploads\/2026\/01\/Carte-generale_janvier-2025_web_page-0001-724x1024.jpg 724w, https:\/\/cheminsplestinais.dcea.fr\/wp-content\/uploads\/2026\/01\/Carte-generale_janvier-2025_web_page-0001-212x300.jpg 212w, https:\/\/cheminsplestinais.dcea.fr\/wp-content\/uploads\/2026\/01\/Carte-generale_janvier-2025_web_page-0001-768x1086.jpg 768w, https:\/\/cheminsplestinais.dcea.fr\/wp-content\/uploads\/2026\/01\/Carte-generale_janvier-2025_web_page-0001-1086x1536.jpg 1086w, https:\/\/cheminsplestinais.dcea.fr\/wp-content\/uploads\/2026\/01\/Carte-generale_janvier-2025_web_page-0001-1448x2048.jpg 1448w, https:\/\/cheminsplestinais.dcea.fr\/wp-content\/uploads\/2026\/01\/Carte-generale_janvier-2025_web_page-0001.jpg 1754w\" sizes=\"(max-width: 724px) 100vw, 724px\" \/><\/a><\/figure><\/div>\n\n\n<p><\/p>\n\n\n\n<p class=\"has-text-align-center\"><em>Cliquer sur cette image pour l&rsquo;agrandir<\/em><\/p>\n\n\n\n<p class=\"has-text-align-center\">Ce plan est disponible \u00e0 l&rsquo;Office de tourisme de Plestin-les-Gr\u00e8ves, inclus dans le <em>\u00ab&nbsp;<mark style=\"background-color:rgba(0, 0, 0, 0)\" class=\"has-inline-color has-vivid-cyan-blue-color\"><em>\u00c0<\/em> pied autour de Plestin-les-Gr\u00e8ves&nbsp;<\/mark>\u00bb<\/em>.<br>regroupant les fiches descriptives des circuits de randonn\u00e9e <br>de la commune. Ce guide est disponible au prix de 5\u20ac.<\/p>\n\n\n\n<p><mark style=\"background-color:rgba(0, 0, 0, 0)\" class=\"has-inline-color has-white-color\">&#8230;.<\/mark><strong>Remarque<\/strong> : <em>Si vous \u00eates d\u00e9j\u00e0 d\u00e9tenteur de ces fiches, vous pourrez &#8211; sur pr\u00e9sentation de celles-ci \u00e0 l&rsquo;Office de Tourisme &#8211; obtenir gratuitement la fiche du Tro Plistin qui inclut la carte g\u00e9n\u00e9rale des boucles balis\u00e9es de la commune<\/em>.<\/p>\n\n\n\n<p><mark style=\"background-color:rgba(0, 0, 0, 0)\" class=\"has-inline-color has-white-color\">.<\/mark><\/p>\n\n\n\n<p><mark style=\"background-color:rgba(0, 0, 0, 0)\" class=\"has-inline-color has-white-color\">&#8230;&#8230;.<\/mark><mark style=\"background-color:rgba(0, 0, 0, 0)\" class=\"has-inline-color has-vivid-red-color\"><strong>Sur ce site<\/strong>,<\/mark> nous mettons \u00e0 votre disposition un ensemble<br><mark style=\"background-color:rgba(0, 0, 0, 0)\" class=\"has-inline-color has-white-color\">&#8230;&#8230;&#8230;&#8230;&#8230;&#8230;&#8230;&#8230;&#8230;<\/mark>de suggestions de randonn\u00e9es : <\/p>\n\n\n\n<p><mark style=\"background-color:rgba(0, 0, 0, 0)\" class=\"has-inline-color has-black-color\"><strong>1<\/strong><\/mark> &#8211; <strong>Les 10 boucles  Plestinaises ainsi que le \u00ab\u00a0Tro Plistin\u00a0\u00bb<\/strong> <br><mark style=\"background-color:rgba(0, 0, 0, 0)\" class=\"has-inline-color has-white-color\">&#8230;&#8230;<\/mark><em><mark style=\"background-color:rgba(0, 0, 0, 0)\" class=\"has-inline-color has-white-color\">.<\/mark>Cliquer sur le nom de la boucle pour obtenir la fiche<br><mark style=\"background-color:rgba(0, 0, 0, 0)\" class=\"has-inline-color has-white-color\">&#8230;&#8230;.<\/mark>ou sur le fichier gpx correspondant, permettant de suivre <br><mark style=\"background-color:rgba(0, 0, 0, 0)\" class=\"has-inline-color has-white-color\">&#8230;&#8230;.<\/mark>le parcours sur un smartphone<\/em>.<\/p>\n\n\n\n<p><mark style=\"background-color:rgba(0, 0, 0, 0)\" class=\"has-inline-color has-white-color\">&#8230;&#8230;.<\/mark>Boucle\u00a0<a href=\"https:\/\/drive.google.com\/file\/d\/1yq94dgygkYi0Z8GmPkZxyWuJIlnu05D-\/view?usp=sharing\">Ar\u00a0Run Glas<\/a> \u00a0 \u00a0 \u00a0 \u00a0 \u00a0 \u00a0 \u00a0 \u00a0\u00a0 <em>T\u00e9l\u00e9charger le <a href=\"https:\/\/drive.google.com\/uc?export=download&amp;id=1yjsJfcVeHiDzNUHMRi7WZT5geHNczE41\">gpx<\/a><\/em><br><mark style=\"background-color:rgba(0, 0, 0, 0)\" class=\"has-inline-color has-white-color\">&#8230;&#8230;.<\/mark>Boucle <a href=\"https:\/\/drive.google.com\/file\/d\/1Bg4qWJrATqEk7S-WgIOwGM1kg7eNVdwT\/view?usp=sharing\">An Dour Meur<\/a>\u00a0 \u00a0 \u00a0 \u00a0 \u00a0 \u00a0\u00a0<em>T\u00e9l\u00e9charger le\u00a0<a href=\"https:\/\/drive.google.com\/uc?export=download&amp;id=1YklKsol-Cdc9gVpsa_Oe5roUoK6l5zqH\">gpx<\/a><\/em><br><mark style=\"background-color:rgba(0, 0, 0, 0)\" class=\"has-inline-color has-white-color\">&#8230;&#8230;.<\/mark>Boucle de\u00a0<a href=\"https:\/\/drive.google.com\/file\/d\/1ft4iPsyybcVgTPGmObu5AZPjjZs_pBbV\/view?usp=drive_link\">Saint-Roch<\/a><a href=\"https:\/\/drive.google.com\/file\/d\/1WrTd-HfPfqb9zNzF35Fn3GFTHjbRO7ze\/view?usp=sharing\">\u00a0<\/a> \u00a0 \u00a0 \u00a0 \u00a0 \u00a0 \u00a0<em>T\u00e9l\u00e9charger le<a href=\"https:\/\/drive.google.com\/uc?export=download&amp;id=104WbukCWcEKclf_H_d6RZzHwd35fJpjN\"> <\/a><a href=\"https:\/\/drive.google.com\/uc?export=download&amp;id=1Bdc1BXYowrLsnGVtF7phl2ib_s4p_kuB\">gpx<\/a><\/em><br><mark style=\"background-color:rgba(0, 0, 0, 0)\" class=\"has-inline-color has-white-color\">&#8230;&#8230;.<\/mark>Boucle de <a href=\"https:\/\/drive.google.com\/file\/d\/154kWijA6urzzK-8Ujd3t5vllm7Jsd_aH\/view?usp=drive_link\">Saint-Haran<\/a>\u00a0 \u00a0 \u00a0 \u00a0 \u00a0 \u00a0<em>T\u00e9l\u00e9charger le <a href=\"https:\/\/drive.google.com\/uc?export=download&amp;id=1yeyKwZR7ggdDxeipaFJXpxAyWVLNImhF\">gpx<\/a><\/em><br><mark style=\"background-color:rgba(0, 0, 0, 0)\" class=\"has-inline-color has-white-color\">&#8230;&#8230;.<\/mark>Boucle de <a href=\"https:\/\/drive.google.com\/file\/d\/1WoR9xf9cIwjLDLx9Rr0DnKj2XRIJxmke\/view?usp=drive_link\">Saint-Jagut<\/a><a href=\"https:\/\/drive.google.com\/file\/d\/12ww-nQ-4qjzWMmPQyoJK62lWr3rSuc47\/view?usp=sharing\">\u00a0<\/a> \u00a0 \u00a0 \u00a0 \u00a0 \u00a0\u00a0<em>T\u00e9l\u00e9charger le <a href=\"https:\/\/drive.google.com\/uc?export=download&amp;id=1rRe4j_iErvmxNioai6WqiX-ZScy6zFDP\">gpx<\/a><\/em><br><mark style=\"background-color:rgba(0, 0, 0, 0)\" class=\"has-inline-color has-white-color\">&#8230;&#8230;.<\/mark>Boucle de <a href=\"https:\/\/drive.google.com\/file\/d\/1A5fAp1eRk9HIgGHTyMr9I-WNvgwwocrM\/view?usp=drive_link\">Sainte-Anne<\/a> \u00a0 \u00a0 \u00a0 \u00a0 <mark style=\"background-color:rgba(0, 0, 0, 0)\" class=\"has-inline-color has-white-color\">.<\/mark><em>T\u00e9l\u00e9charger le\u00a0<a href=\"https:\/\/drive.google.com\/uc?export=download&amp;id=1pYY7VcSmcfOgMsUelfwzGGujq8dTaJ9j\">gpx<\/a><\/em><br><mark style=\"background-color:rgba(0, 0, 0, 0)\" class=\"has-inline-color has-white-color\">&#8230;&#8230;.<\/mark>Boucle de <a href=\"https:\/\/drive.google.com\/file\/d\/1GgLKG9HEkXBnvzHxJlmen9y2uEkTxLLE\/view?usp=sharing\">Saint-S\u00e9bastien<\/a>\u00a0 \u00a0<em>T\u00e9l\u00e9charger le\u00a0<a href=\"https:\/\/drive.google.com\/uc?export=download&amp;id=1Bcb3SvlnvH0XshrsEBY03zvSj0T_yQyH\">gpx<\/a><\/em><br><mark style=\"background-color:rgba(0, 0, 0, 0)\" class=\"has-inline-color has-white-color\">&#8230;&#8230;.<\/mark>Boucles de <a href=\"https:\/\/drive.google.com\/file\/d\/1zgpNjkvyFJKhEP1926e58pkOJdwRYxen\/view?usp=drive_link\">Saint-Efflam<\/a>\u00a0\u00a0 \u00a0 \u00a0 \u00a0<em>T\u00e9l\u00e9charger le<a href=\"https:\/\/drive.google.com\/uc?export=download&amp;id=15Woa-kCqVl2d_D-sYX9A_mWiDwlI5QoV\"> gpx<\/a><\/em><br>    <mark style=\"background-color:rgba(0, 0, 0, 0)\" class=\"has-inline-color has-white-color\">&#8230;&#8230;.<\/mark>Boucle de\u00a0<a href=\"https:\/\/drive.google.com\/file\/d\/10ms3rVEiuUxr6_WIU7ArzvwgmRSgFOeB\/view?usp=drive_link\">Kozh Iliz<\/a><a href=\"https:\/\/drive.google.com\/file\/d\/1XrPbW4lNOc9iJ8hnlvPH8z1R_0Bcubre\/view?usp=sharing\" target=\"_blank\" rel=\"noreferrer noopener\">\u00a0<\/a> \u00a0 \u00a0 \u00a0 \u00a0 \u00a0 \u00a0 \u00a0 \u00a0 \u00a0<em>T\u00e9l\u00e9charger le<a href=\"https:\/\/drive.google.com\/uc?export=download&amp;id=1qb38qmF7nsViElmGRhhymowYI0A6AunC\"> gpx<\/a><\/em><br><mark style=\"background-color:rgba(0, 0, 0, 0)\" class=\"has-inline-color has-white-color\">&#8230;&#8230;.<\/mark>Boucle de <a href=\"https:\/\/drive.google.com\/file\/d\/1Z0YIczvsHYPGJ8tR80ZQnq0uchC-3jxy\/view?usp=drive_link\">Sainte-Barbe\u00a0<\/a> \u00a0 \u00a0 \u00a0 \u00a0<em>T\u00e9l\u00e9charger le<\/em><a href=\"https:\/\/drive.google.com\/uc?export=download&amp;id=1JPvw3i2NTHlH5ozpn7A2r6jziAVDHqP_\"><em> gpx<\/em> <\/a><br><mark style=\"background-color:rgba(0, 0, 0, 0)\" class=\"has-inline-color has-white-color\">&#8230;&#8230;&#8230;&#8230;&#8230;&#8230;&#8230;&#8230;..<\/mark><a href=\"https:\/\/drive.google.com\/file\/d\/1O3ulr8KRK4jIUDLECHGmEIPwDEm0Ejyo\/view?usp=drive_link\">Tro Plistin<\/a><em><mark style=\"background-color:rgba(0, 0, 0, 0)\" class=\"has-inline-color has-white-color\">&#8230;&#8230;&#8230;&#8230;<\/mark>T\u00e9l\u00e9charger le<\/em> <a href=\"https:\/\/drive.google.com\/uc?export=download&amp;id=1yLje6j8lMXVgzFtW3tbPuRlfPouGrWNx\">gpx<\/a><br><mark style=\"background-color:rgba(0, 0, 0, 0)\" class=\"has-inline-color has-white-color\">&#8230;&#8230;&#8230;&#8230;<\/mark><\/p>\n\n\n\n<p><strong>1 bis &#8211; La boucle de Saint-Maurice \u00e0 Tremel<\/strong><br><mark style=\"background-color:rgba(0, 0, 0, 0)\" class=\"has-inline-color has-white-color\">..<em>&#8230;&#8230;.<\/em><\/mark><em>La<a href=\"https:\/\/drive.google.com\/file\/d\/1PFHligSBbFz8O6TkeGRbdnwNF7rnwr9U\/view?usp=share_link\"> fiche descriptive<\/a> de cette boucle est incluse dans la pochette <\/em><br><mark style=\"background-color:rgba(0, 0, 0, 0)\" class=\"has-inline-color has-white-color\">&#8230;<\/mark><em><mark style=\"background-color:rgba(0, 0, 0, 0)\" class=\"has-inline-color has-white-color\">&#8230;..<\/mark>\u00ab\u00a0A pied autour de Plestin\u00a0\u00bb<\/em> <mark style=\"background-color:rgba(0, 0, 0, 0)\" class=\"has-inline-color has-white-color\">..  <\/mark><em> T\u00e9l\u00e9charger <\/em>le <a href=\"https:\/\/drive.google.com\/uc?export=download&amp;id=1JJcLmZqawxtMpHaqZbWijThyKAHy0tRK\">gpx<\/a><\/p>\n\n\n\n<p><mark style=\"background-color:rgba(0, 0, 0, 0)\" class=\"has-inline-color has-vivid-red-color\"><strong>Nouveau<\/strong><\/mark> <mark style=\"background-color:rgba(0, 0, 0, 0)\" class=\"has-inline-color has-vivid-red-color\">! <\/mark> <strong>1 ter<\/strong> <strong>&#8211; Une boucle commune \u00e0 Plufur et Plestin<\/strong>  <\/p>\n\n\n\n<p> <mark style=\"background-color:rgba(0, 0, 0, 0)\" class=\"has-inline-color has-white-color\">&#8230;&#8230;.<\/mark> <a href=\"https:\/\/drive.google.com\/file\/d\/1P-wdXWY3jPaE3KzxRVvhcZxojqnLY6Pd\/view?usp=sharing\">Plufur 6 &#8211; Plestin  6b<\/a> 10,5 km<mark style=\"background-color:rgba(0, 0, 0, 0)\" class=\"has-inline-color has-white-color\">&#8230;.. <\/mark><em>T\u00e9l\u00e9charger le<\/em> <a href=\"https:\/\/drive.google.com\/uc?export=download&amp;id=1ONaWc-FCkJmTuNcibl84pjhhbGmdXQP_\">gpx<\/a><br><mark style=\"background-color:rgba(0, 0, 0, 0)\" class=\"has-inline-color has-white-color\">&#8230;&#8230;&#8230;<\/mark>Balisage sp\u00e9cifique : fl\u00e8ches oranges et N\u00b0 (6 ou 6b)<\/p>\n\n\n\n<p><strong>2 &#8211; 3 boucles d&rsquo;une longueur comprise entre 16 et 18 km<\/strong><br><mark style=\"background-color:rgba(0, 0, 0, 0)\" class=\"has-inline-color has-white-color\">&#8230;&#8230;.<\/mark>int\u00e9grant en partie certaines boucles ci-dessus.<br><mark style=\"background-color:rgba(0, 0, 0, 0)\" class=\"has-inline-color has-white-color\">&#8230;&#8230;.<\/mark><em>Cliquer sur le nom de la boucle pour acc\u00e9der au trac\u00e9<\/em>.<\/p>\n\n\n\n<p class=\"has-text-align-left\"><mark style=\"background-color:rgba(0, 0, 0, 0)\" class=\"has-inline-color has-white-color\">&#8230;&#8230;&#8230;&#8230;<\/mark>Plestin <a href=\"https:\/\/drive.google.com\/file\/d\/1NJmrAXwaOBF3XGgWFsgiONJhbQdBgwgb\/view?usp=sharing\">Nord-Ouest<\/a><a href=\"https:\/\/drive.google.com\/file\/d\/1hjGr0O5S0nQehcAO49h5wf4VW4V6MD2C\/view?usp=share_link\"> <\/a>16,5 km<mark style=\"background-color:rgba(0, 0, 0, 0)\" class=\"has-inline-color has-white-color\">&#8230;..<\/mark><em>T\u00e9l\u00e9charger le<\/em> <a href=\"https:\/\/drive.google.com\/uc?export=download&amp;id=1utY7umf4WbfE7GZ7LrYTE7KtZUyqnGHV\" target=\"_blank\" rel=\"noreferrer noopener\">gpx<\/a><\/p>\n\n\n\n<p class=\"has-text-align-left\"><mark style=\"background-color:rgba(0, 0, 0, 0)\" class=\"has-inline-color has-white-color\">&#8230;&#8230;&#8230;&#8230;<\/mark>Plestin <a href=\"https:\/\/drive.google.com\/file\/d\/1MWrucUd0zUXM9wbdwQeAPpAc_li5RMcC\/view?usp=sharing\">Sud<\/a><a href=\"https:\/\/drive.google.com\/file\/d\/1w-hBf3ZdcofHpicHJ0cMcr_Re0IA8thJ\/view?usp=share_link\" target=\"_blank\" rel=\"noreferrer noopener\"> <\/a>16 km<mark style=\"background-color:rgba(0, 0, 0, 0)\" class=\"has-inline-color has-white-color\">&#8230;&#8230;&#8230;&#8230;&#8230;&#8230;&#8230;..<\/mark><em>T\u00e9l\u00e9charger le<a href=\"https:\/\/drive.google.com\/uc?export=download&amp;id=1q2IkB4VVJKs5SNv95gRKwOJpUInMT7-5\"> gpx<\/a><\/em><\/p>\n\n\n\n<p class=\"has-text-align-left\"><mark style=\"background-color:rgba(0, 0, 0, 0)\" class=\"has-inline-color has-white-color\">&#8230;&#8230;&#8230;&#8230;<\/mark>Plestin <a href=\"https:\/\/drive.google.com\/file\/d\/1Hrv4OkztgmflUc74vW6za4LrH80SUfvC\/view?usp=sharing\">Est<\/a> 18 km<mark style=\"background-color:rgba(0, 0, 0, 0)\" class=\"has-inline-color has-white-color\">&#8230;&#8230;&#8230;&#8230;&#8230;&#8230;&#8230;&#8230;<\/mark><em>T\u00e9l\u00e9charger le<\/em> <a href=\"https:\/\/drive.google.com\/uc?export=download&amp;id=1soUiV3BJG0SULBIz8uFvWvSw2yLAdCbB\">gpx<\/a><\/p>\n\n\n\n<p><\/p>\n\n\n\n<p><mark style=\"background-color:rgba(0, 0, 0, 0)\" class=\"has-inline-color has-white-color\">&#8230;&#8230;..<\/mark><strong><mark style=\"background-color:rgba(0, 0, 0, 0)\" class=\"has-inline-color has-luminous-vivid-orange-color\">Remarque<\/mark><\/strong> : pas de balisage sp\u00e9cifique pour ces 3 boucles.<\/p>\n\n\n\n<p><strong>3 &#8211; Boucles et chemins non balis\u00e9s<\/strong><\/p>\n\n\n\n<p><mark style=\"background-color:rgba(0, 0, 0, 0)\" class=\"has-inline-color has-white-color\">&#8230;..<\/mark>Boucle \u00ab\u00a0<a href=\"https:\/\/drive.google.com\/file\/d\/1pJX8YmJV3H9f_LPzu3rnLHEibq5i0g-q\/view?usp=sharing\">Les deux passerelles<\/a>\u00a0\u00bb 9,5 km<mark style=\"background-color:rgba(0, 0, 0, 0)\" class=\"has-inline-color has-white-color\">&#8230;&#8230;<\/mark><em>T\u00e9l\u00e9charger le <a href=\"https:\/\/drive.google.com\/uc?export=download&amp;id=1QoB8ieHla5qACJ2xjA3jlHWkycEWHLaF\">gpx<\/a><\/em><br><mark style=\"background-color:rgba(0, 0, 0, 0)\" class=\"has-inline-color has-white-color\">&#8230;&#8230;..<\/mark>Secteur Saint-S\u00e9bastien<\/p>\n\n\n\n<p><mark style=\"background-color:rgba(0, 0, 0, 0)\" class=\"has-inline-color has-white-color\">&#8230;..<\/mark>Boucle \u00ab\u00a0<a href=\"https:\/\/drive.google.com\/file\/d\/11FpSJL3PsEhm9PBuC_wsYUgoQwmKxn85\/view?usp=sharing\">Autour du Yar\u00a0\u00bb<\/a> 8,2 km<mark style=\"background-color:rgba(0, 0, 0, 0)\" class=\"has-inline-color has-white-color\">&#8230;&#8230;&#8230;&#8230;&#8230;&#8230;<\/mark><em>T\u00e9l\u00e9charger le <a href=\"https:\/\/drive.google.com\/uc?export=download&amp;id=1sFuigQU-O73C1M5EoxBp7uXFbczqmTEe\">gpx<\/a><\/em><br><mark style=\"background-color:rgba(0, 0, 0, 0)\" class=\"has-inline-color has-white-color\">&#8230;&#8230;..<\/mark>D\u00e9part parking du Grand Rocher<\/p>\n\n\n\n<p><strong>N.B.<\/strong> : les 2 boucles ci-dessus sont contigu\u00ebs. <br><mark style=\"background-color:rgba(0, 0, 0, 0)\" class=\"has-inline-color has-white-color\">&#8230;&#8230;&#8230;..<\/mark>La boucle qui les englobe fait environ 15 km.<\/p>\n\n\n\n<p><\/p>\n\n\n\n<p><\/p>\n\n\n\n<p>La commune comporte de nombreux autres chemins <br>non balis\u00e9s (non goudronn\u00e9s).<br>Nous les avons r\u00e9pertori\u00e9s et pr\u00e9sent\u00e9s sur un <a href=\"https:\/\/drive.google.com\/file\/d\/1sRi3fKFZN7_raDPF_lbQXHuctnZdeEw_\/view?usp=sharing\">plan d&rsquo;ensemble.<\/a><br>Beaucoup de ces chemins sont directement connect\u00e9s \u00e0 l&rsquo;une<br>ou l&rsquo;autre de nos boucles et aucun ne se termine en impasse.<br>De plus, certains de ces chemins permettent d&rsquo;assurer la <mark style=\"background-color:rgba(0, 0, 0, 0)\" class=\"has-inline-color has-vivid-cyan-blue-color\">jonction avec les boucles de communes limitrophes<\/mark> (Plouegat-Guerrand, Tremel et Plufur).<br>Ainsi les randonneurs pourront composer \u00e0 leur guise de nouveaux circuits pour d\u00e9couvrir et profiter encore mieux de notre patrimoine naturel.<\/p>\n\n\n\n<p class=\"has-text-align-center\"><mark style=\"background-color:rgba(0, 0, 0, 0)\" class=\"has-inline-color has-vivid-red-color\">Nous vous souhaitons de tr\u00e8s belles balades.<\/mark><\/p>\n","protected":false},"excerpt":{"rendered":"<p>Ensemble des circuits de randonn\u00e9es de la commune de Plestin-les-Gr\u00e8ves &nbsp; Cliquer sur cette image pour l&rsquo;agrandir Ce plan est disponible \u00e0 l&rsquo;Office de tourisme de Plestin-les-Gr\u00e8ves, inclus dans le \u00ab&nbsp;\u00c0 pied autour de Plestin-les-Gr\u00e8ves&nbsp;\u00bb.regroupant les fiches descriptives des circuits de randonn\u00e9e de la commune. Ce guide est disponible au prix de 5\u20ac. &#8230;.Remarque : [&hellip;]<\/p>\n","protected":false},"author":1,"featured_media":0,"parent":0,"menu_order":0,"comment_status":"closed","ping_status":"closed","template":"","meta":{"footnotes":""},"_links":{"self":[{"href":"https:\/\/cheminsplestinais.dcea.fr\/index.php?rest_route=\/wp\/v2\/pages\/9795"}],"collection":[{"href":"https:\/\/cheminsplestinais.dcea.fr\/index.php?rest_route=\/wp\/v2\/pages"}],"about":[{"href":"https:\/\/cheminsplestinais.dcea.fr\/index.php?rest_route=\/wp\/v2\/types\/page"}],"author":[{"embeddable":true,"href":"https:\/\/cheminsplestinais.dcea.fr\/index.php?rest_route=\/wp\/v2\/users\/1"}],"replies":[{"embeddable":true,"href":"https:\/\/cheminsplestinais.dcea.fr\/index.php?rest_route=%2Fwp%2Fv2%2Fcomments&post=9795"}],"version-history":[{"count":140,"href":"https:\/\/cheminsplestinais.dcea.fr\/index.php?rest_route=\/wp\/v2\/pages\/9795\/revisions"}],"predecessor-version":[{"id":11543,"href":"https:\/\/cheminsplestinais.dcea.fr\/index.php?rest_route=\/wp\/v2\/pages\/9795\/revisions\/11543"}],"wp:attachment":[{"href":"https:\/\/cheminsplestinais.dcea.fr\/index.php?rest_route=%2Fwp%2Fv2%2Fmedia&parent=9795"}],"curies":[{"name":"wp","href":"https:\/\/api.w.org\/{rel}","templated":true}]}}